{"id":310,"date":"2018-04-24T18:32:28","date_gmt":"2018-04-24T18:32:28","guid":{"rendered":"http:\/\/albrecht-fiedler.de\/?page_id=310"},"modified":"2025-03-24T09:59:25","modified_gmt":"2025-03-24T09:59:25","slug":"home","status":"publish","type":"page","link":"https:\/\/albrecht-fiedler.de\/projekte-1994-2020\/","title":{"rendered":""},"content":{"rendered":"<p style=\"text-align: center;\"><span style=\"font-family: arial, helvetica, sans-serif; font-size: 18pt;\"><strong><span style=\"color: #0a27c9;\">Projekte \u2022<\/span>\u00a0 <\/strong><span style=\"color: #ff5500;\"><strong>Einfach machen<br \/>\n<\/strong><\/span><\/span><\/p>\n<p style=\"text-align: center;\"><span style=\"font-family: arial, helvetica, sans-serif; font-size: 12pt; color: #0a27c9;\"><strong>Beratung <span style=\"color: #ff5500;\">\u2022<\/span> Planung <span style=\"color: #ff5500;\">\u2022<\/span> Umsetzung &#8211; in Europa <span style=\"color: #ff5500;\">\u2022<\/span> Mexiko <span style=\"color: #ff5500;\">\u2022<\/span> USA<br \/>\n<\/strong><\/span><\/p>\n<hr \/>\n<p style=\"text-align: left;\"><span style=\"font-family: arial, helvetica, sans-serif; font-size: 10pt;\"><span style=\"font-size: 14pt;\"><strong><span style=\"color: #3366ff;\">2023:<\/span><\/strong><\/span> <strong><span style=\"color: #ff0000;\">Nach fast 30 Jahren gehe ich in den Ruhestand und stehe nicht mehr als Project-Manager zur Verf\u00fcgung! <\/span><\/strong><\/span><\/p>\n<p style=\"text-align: justify;\"><strong><span style=\"font-family: arial, helvetica, sans-serif; font-size: 10pt; color: #339966;\">Gerne berate ich in <\/span><\/strong><span style=\"font-family: arial, helvetica, sans-serif; font-size: 10pt;\"><span style=\"color: #339966;\"><strong><em>\u2022 <span style=\"text-decoration: underline;\">Verlagerungsprojekte<\/span><\/em>, <em>\u2022\u2022<\/em> <em><span style=\"text-decoration: underline;\">Fabrikbauprojekte<\/span>,<\/em> <em>\u2022\u2022\u2022 <span style=\"text-decoration: underline;\">Betriebsschlie\u00dfungen<\/span> und \u2022\u2022\u2022\u2022 <span style=\"text-decoration: underline;\">Liquidationen<\/span><\/em> in Mexiko und in den USA<\/strong><\/span>!\u00a0 <\/span><\/p>\n<p style=\"text-align: justify;\"><strong><span style=\"font-family: arial, helvetica, sans-serif; font-size: 10pt; color: #008000;\"><span style=\"color: #339966;\">Ab Mitte 2025 werde ich &#8211; mit einer in Mexiko ans\u00e4ssigen deutsch-mexikanischen Rechtsanwaltskanzlei, einem deutsch-mexikanischen Steuerberater\/Wirtschaftspr\u00fcfer, einem Banker der Banamex, einem mexikanischen Personalberater und einer MS-Project-Beraterin &#8211; ein Power-Seminar pro Quartal mit dem Titel &gt;&gt;&gt; &#8222;<span style=\"color: #0000ff;\">Wie gr\u00fcnde und projektiere ich einen Standort in Mexiko oder in den USA bis zur Zertifizierung?<\/span>&#8222;&lt;&lt;&lt; \u00fcber die IHK und\/oder der Sparkassen anbieten. Bei Interesse bitte mich unter &#8222;Interim@albrecht-fiedler.de anfragen. \u00a0<\/span> <\/span><\/strong><\/p>\n<hr \/>\n<p style=\"text-align: justify;\"><span style=\"font-family: arial, helvetica, sans-serif; font-size: 10pt;\"><strong><span style=\"font-size: 14pt; color: #333399;\">2022: <\/span><span style=\"color: #333399;\">Energiekrise<\/span><\/strong>, <strong>Unternehmenskrise<\/strong> sowie zunehmende Ungewissheit, zunehmende Komplexit\u00e4t und zunehmender Wettbewerb m\u00fcssen Unternehmen im Rahmen ihrer Planungs- und Umsetzungsprozesse ber\u00fccksichtigen. Um diesen Herausforderungen gerecht zu werden, sind <strong>Optimierungs<\/strong>-, <strong>Verlagerungs<\/strong>&#8211; oder auch <strong>Stilllegungsprojekte<\/strong> in alternativen Szenarien vollst\u00e4ndig vorauszudenken.<\/span><span style=\"font-family: arial, helvetica, sans-serif; font-size: 10pt;\"> Hierbei ist meine Vorgehensweise: <span style=\"color: #ff5500;\"><strong>&#8222;<\/strong><\/span><\/span><span style=\"font-family: arial, helvetica, sans-serif; font-size: 10pt; color: #ff5500;\"><strong>Projekte und Prozess <\/strong><\/span><span style=\"font-family: arial, helvetica, sans-serif; font-size: 10pt;\"><span style=\"color: #ff5500;\"><strong><span style=\"color: #ff5500;\"><span style=\"font-family: arial, helvetica, sans-serif; font-size: 10pt;\">einfach <\/span>machen<\/span><\/strong><span style=\"color: #000000;\"><span style=\"color: #ff5500;\"><strong>&#8222;<\/strong><\/span>\u00a0<\/span><\/span>und <strong>das <\/strong><span style=\"color: #000000;\"><span style=\"text-decoration: underline;\">d<\/span>igital, <span style=\"text-decoration: underline;\">a<\/span>gil und <span style=\"text-decoration: underline;\">s<\/span>mart, sowo<\/span>hl in der Krise als auch in der Prosperit\u00e4t und erst recht in der Gestaltung der Zukunft. <\/span><\/p>\n<p style=\"text-align: justify;\"><span style=\"font-family: arial, helvetica, sans-serif; font-size: 10pt;\"><span style=\"color: #0a27c9;\"><span style=\"color: #000000;\">Meine Besonderheit als Interim-Projekt-<span style=\"color: #333399;\">Manager<\/span> liegt darin, dass ich jedes Projekt mit unterschiedlichen Annahmen und variablen Gr\u00f6\u00dfen nicht nur bei Projektaufnahme mit alternativen Zielwerten durchplane, sondern mit agilen Methoden (z.B. mit Lean, Kanban, Scrum) auch w\u00e4hrend der <span class=\"ILfuVd\"><span class=\"hgKElc\">Umsetzungsphase<\/span><\/span> <\/span><\/span><\/span><span style=\"font-family: arial, helvetica, sans-serif; font-size: 10pt;\"><span style=\"color: #0a27c9;\"><span style=\"color: #000000;\">laufend anpasse. <\/span><\/span>Dies ist meine unverwechselbare individuelle Eigenschaft; aber nicht mein einziges Alleinstellungsmerkmal. <\/span><span style=\"font-family: arial, helvetica, sans-serif; font-size: 10pt;\">Meine Umsetzungs-Qualit\u00e4t bemisst sich nat\u00fcrlich in der Wertung meiner Umsetzungserfolge. Und diese lassen sich in zahllosen Kennziffern der von mir erfolgreich abgeschlossenen <strong><a href=\"http:\/\/albrecht-fiedler.de\/projekte-1994-2020\/\" target=\"_blank\" rel=\"noopener\">Projekten<\/a><\/strong> nachweisen. <\/span><\/p>\n<p style=\"text-align: justify;\"><span style=\"font-family: arial, helvetica, sans-serif; font-size: 10pt;\"><span class=\"tve_custom_font_size\" data-css=\"tve-u-161ae696699\"><span class=\"ttfm3\" data-css=\"tve-u-161ae69669a\"><span class=\"ttfm2\"><span class=\"ttfm1\">Als Industrial Engineer habe ich mich seit 1994 aufeinanderbauend auf das \u201e<\/span><\/span><\/span><\/span><\/span><span style=\"font-family: arial, helvetica, sans-serif; font-size: 10pt;\"><span class=\"tve_custom_font_size\" data-css=\"tve-u-161ae696699\"><span class=\"ttfm3\" data-css=\"tve-u-161ae69669a\"><span class=\"ttfm2\"><span class=\"ttfm1\"><strong>Process<\/strong><\/span><\/span><\/span><\/span><\/span><span style=\"font-family: arial, helvetica, sans-serif; font-size: 10pt;\"><span class=\"tve_custom_font_size\" data-css=\"tve-u-161ae696699\"><span class=\"ttfm3\" data-css=\"tve-u-161ae69669a\"><span class=\"ttfm2\"><span class=\"ttfm1\">-Mgmt<\/span><\/span><\/span><\/span><span class=\"tve_custom_font_size\" data-css=\"tve-u-161ae696699\"><span class=\"ttfm3\" data-css=\"tve-u-161ae69669a\"><span class=\"ttfm2\"><span class=\"ttfm1\">, das <\/span><\/span><\/span><\/span><\/span><span style=\"font-family: arial, helvetica, sans-serif; font-size: 10pt;\"><span class=\"tve_custom_font_size\" data-css=\"tve-u-161ae696699\"><span class=\"ttfm3\" data-css=\"tve-u-161ae69669a\"><span class=\"ttfm2\"><span class=\"ttfm1\"><strong>Project<\/strong><\/span><\/span><\/span><\/span><\/span><span style=\"font-family: arial, helvetica, sans-serif; font-size: 10pt;\"><span class=\"tve_custom_font_size\" data-css=\"tve-u-161ae696699\"><span class=\"ttfm3\" data-css=\"tve-u-161ae69669a\"><span class=\"ttfm2\"><span class=\"ttfm1\">-Mgmt. und das <\/span><\/span><\/span><\/span><\/span><span style=\"font-family: arial, helvetica, sans-serif; font-size: 10pt;\"><span class=\"tve_custom_font_size\" data-css=\"tve-u-161ae696699\"><span class=\"ttfm3\" data-css=\"tve-u-161ae69669a\"><span class=\"ttfm2\"><span class=\"ttfm1\"><strong>Taskforce<\/strong><\/span><\/span><\/span><\/span><\/span><span style=\"font-family: arial, helvetica, sans-serif; font-size: 10pt;\"><span class=\"tve_custom_font_size\" data-css=\"tve-u-161ae696699\"><span class=\"ttfm3\" data-css=\"tve-u-161ae69669a\"><span class=\"ttfm2\"><span class=\"ttfm1\">&#8211;<\/span><\/span><\/span><\/span><span class=\"tve_custom_font_size\" data-css=\"tve-u-161ae696699\"><span class=\"ttfm3\" data-css=\"tve-u-161ae69669a\"><span class=\"ttfm2\"><span class=\"ttfm1\">Mgmt. spezialisiert\u201c<\/span><\/span><\/span><\/span><span class=\"tve_custom_font_size\" data-css=\"tve-u-161ae696699\"><span class=\"ttfm3\" data-css=\"tve-u-161ae69669a\"><span class=\"ttfm2\"><span class=\"ttfm1\">,<\/span><\/span><\/span><\/span><\/span><span style=\"font-family: arial, helvetica, sans-serif; font-size: 10pt;\"><span class=\"tve_custom_font_size\" data-css=\"tve-u-161ae696699\"><span class=\"ttfm3\" data-css=\"tve-u-161ae69669a\"><span class=\"ttfm2\"><span class=\"ttfm1\"><span style=\"font-size: 14pt;\"><strong><span style=\"color: #ff0000;\">\u21d2<\/span><\/strong><\/span><\/span><\/span><\/span><\/span><\/span><span style=\"font-family: arial, helvetica, sans-serif; font-size: 10pt;\"><span class=\"tve_custom_font_size\" data-css=\"tve-u-161ae696699\"><span class=\"ttfm3\" data-css=\"tve-u-161ae69669a\"><span class=\"ttfm2\"><span class=\"ttfm1\">weil ich es nachweislich besser kann <\/span><\/span><\/span><\/span><\/span><span style=\"font-family: arial, helvetica, sans-serif; font-size: 10pt;\"><span class=\"tve_custom_font_size\" data-css=\"tve-u-161ae696699\"><span class=\"ttfm3\" data-css=\"tve-u-161ae69669a\"><span class=\"ttfm2\"><span class=\"ttfm1\">als andere <\/span><\/span><\/span><\/span><\/span><span style=\"font-family: arial, helvetica, sans-serif; font-size: 10pt;\"><span class=\"tve_custom_font_size\" data-css=\"tve-u-161ae696699\"><span class=\"ttfm3\" data-css=\"tve-u-161ae69669a\"><span class=\"ttfm2\"><span class=\"ttfm1\"><strong>(a)<\/strong> mit Menschen, <strong>(b)<\/strong> in der Umsetzung, <strong>(c)<\/strong> in der <\/span><\/span><\/span><\/span><\/span><span style=\"font-family: arial, helvetica, sans-serif; font-size: 10pt;\"><span class=\"tve_custom_font_size\" data-css=\"tve-u-161ae696699\"><span class=\"ttfm3\" data-css=\"tve-u-161ae69669a\"><span class=\"ttfm2\"><span class=\"ttfm1\">Methode und insbesondere <strong>(d)<\/strong> in der internen und externen Kommunikation. Heute liegt mein Fokus auf dem <a href=\"https:\/\/de.wikipedia.org\/wiki\/Szenariotechnik\" target=\"_blank\" rel=\"noopener\"><strong>Szenario-Mgmt.<\/strong><\/a>, mit der Auspr\u00e4gung, positives Extrem-Szenario\/<i>Best Case Szenario vs.<\/i> negatives Extrem-Szenario\/<i>Worst Case Szenario, <\/i>da Industrie 4.0 vielf\u00e4ltige M\u00f6glichkeiten der Leistungssteigung in unterschiedlichen Ausbaustufen auch f\u00fcr den Mittelstand er\u00f6ffnet. <strong><a href=\"https:\/\/albrecht-fiedler.de\/ueber-mich\/\" target=\"_blank\" rel=\"noopener\">(\u00dcber mich)<\/a><\/strong>. <\/span><\/span><\/span><\/span><\/span><\/p>\n<p style=\"text-align: right;\"><span style=\"font-size: 8pt; font-family: comic sans ms, sans-serif;\"><strong>\u00a0<\/strong><\/span><\/p>\n<table style=\"border-color: #fffcfc;\">\n<tbody>\n<tr>\n<td style=\"border-color: #ffffff; text-align: center;\"><iframe loading=\"lazy\" title=\"YouTube video player\" src=\"https:\/\/www.youtube.com\/embed\/wGGW62THvR4\" width=\"560\" height=\"315\" frameborder=\"0\" allowfullscreen=\"allowfullscreen\"><\/iframe><br \/>\n<span class=\"tve_custom_font_size\" style=\"color: #0000ff; font-size: 9pt;\" data-css=\"tve-u-161ae696699\"><span class=\"ttfm3\" data-css=\"tve-u-161ae69669a\"><span class=\"ttfm2\"><span style=\"font-family: arial, helvetica, sans-serif;\">Liefer-Schwierigkeiten\u00a0 \u00a0 <strong>\u2022\u00a0<\/strong> \u00a0 Werks-<span style=\"color: #0000ff;\">Verlagerung \u00a0\u00a0 <\/span><strong>\u2022 \u00a0\u00a0<\/strong> Produkt-Neuanl\u00e4ufe \u00a0\u00a0 <strong>\u2022 \u00a0\u00a0<\/strong> Standort-Schlie\u00dfung<\/span> <\/span><\/span><\/span><\/td>\n<\/tr>\n<\/tbody>\n<\/table>\n<p style=\"text-align: center;\"><span style=\"font-family: arial, helvetica, sans-serif; font-size: 10pt; color: #0a27c9;\"><span class=\"tve_custom_font_size\" data-css=\"tve-u-161ae696699\"><span style=\"font-family: arial, helvetica, sans-serif; font-size: 18pt;\"><strong>Projektziele <\/strong><\/span><\/span><\/span><span style=\"font-family: arial, helvetica, sans-serif; font-size: 10pt;\"><span class=\"tve_custom_font_size\" data-css=\"tve-u-161ae696699\"><span style=\"font-family: arial, helvetica, sans-serif; font-size: 18pt;\"><strong><span style=\"color: #ff5500;\">schneller erreichen<\/span><\/strong><\/span><\/span><\/span><span style=\"font-family: arial, helvetica, sans-serif; font-size: 10pt;\"><span class=\"tve_custom_font_size\" data-css=\"tve-u-161ae696699\"><span style=\"font-family: arial, helvetica, sans-serif; font-size: 18pt;\"><strong>. <span style=\"color: #0a27c9;\">Projektkosten<\/span> <\/strong><\/span><\/span><\/span><span style=\"font-family: arial, helvetica, sans-serif; font-size: 10pt;\"><span class=\"tve_custom_font_size\" data-css=\"tve-u-161ae696699\"><span style=\"font-family: arial, helvetica, sans-serif; font-size: 18pt;\"><strong><span style=\"color: #ff5500;\">deutlicher senken<\/span><\/strong><\/span><\/span><\/span><span style=\"font-family: arial, helvetica, sans-serif; font-size: 10pt;\"><span class=\"tve_custom_font_size\" data-css=\"tve-u-161ae696699\"><span style=\"font-family: arial, helvetica, sans-serif; font-size: 18pt;\"><strong>.<\/strong><\/span><\/span><\/span><\/p>\n<hr id=\"Merkmal 0\" \/>\n<p style=\"text-align: justify;\"><span style=\"font-size: 10.0pt; font-family: 'Arial',sans-serif;\">Eines haben meine \u00fcber 56 ebenso erfolgreiche wie wachstumsorientierte Projekte gemeinsam: Ich baue meinen Kunden def. keine Luftschl\u00f6sser, sondern setze im Turnaround-, im Ver\u00e4nderungs- wie im Verlagerungsprojekt auf Konzepte (Feasibility-Studie, Plan-G.u.V., Fortf\u00fchrungsprognose, Projektplan, Proof of Concept, Insolvenzplan, Interessensausgleich und Sozialplan), die den spezifischen Ressourcen und L\u00f6sungskompetenzen des Unternehmens angepasst sind und daher schnell eine nachhaltig profitable Gesch\u00e4ftst\u00e4tigkeit erm\u00f6glichen. Das ist meine Aufgabe und Ihre Probleml\u00f6sung. Ich bin sowohl Familien-Unternehmer als auch ungebundener Freiberufler; \u00fcbernehme <strong><span style=\"font-family: 'Arial',sans-serif;\">rechtlich <\/span><\/strong>die Verantwortung, <strong><span style=\"font-family: 'Arial',sans-serif;\">wirtschaftlich <\/span><\/strong>das Haftungsrisiko und <strong><span style=\"font-family: 'Arial',sans-serif;\">handele <\/span><\/strong>daher anhaltend <span style=\"font-family: arial, helvetica, sans-serif;\">erfolgs- und entwicklungswirksam. Sehen Sie: <a href=\"https:\/\/albrecht-fiedler.de\/ueber-mich\/\" target=\"_blank\" rel=\"noopener\">Seite \u00fcber mich\u00a0<\/a><\/span><\/span><\/p>\n<p><strong><span style=\"font-family: arial, helvetica, sans-serif; font-size: 10pt;\">Aufgrund meiner Expertise, Erfahrung und Leidenschaft biete ich <\/span><\/strong><strong><span style=\"font-family: arial, helvetica, sans-serif; font-size: 10pt;\">in typischen Unternehmensphasen <\/span><\/strong><strong><span style=\"font-family: arial, helvetica, sans-serif; font-size: 10pt;\">folgende Interim-Leistung an:<\/span><\/strong><\/p>\n<ol>\n<li><span style=\"font-family: arial, helvetica, sans-serif; font-size: 10pt;\">Neuausrichtung mit Fabrikaufbau, Produktionsverlagerungen, Neuanl\u00e4ufe von Europa nach Mexiko und USA<\/span><\/li>\n<li><span style=\"font-family: arial, helvetica, sans-serif; font-size: 10pt;\">Strukturierung und Optimierung der Prozesse mit u.a. Lean-Sigma Improvement Tools<\/span><\/li>\n<li><span style=\"font-family: arial, helvetica, sans-serif; font-size: 10pt;\">Restrukturierung gem. StaRUG resp. Sanierung gem. IDW S6 f\u00fcr die Eigenverwaltungsplanung<\/span><\/li>\n<li><span style=\"font-family: arial, helvetica, sans-serif; font-size: 10pt;\">Betriebsschlie\u00dfung und Verlagerungen incl. BR-, IG-Verhandlungen bzgl. \u00a7 112 BetrVG<\/span><\/li>\n<\/ol>\n<p><a href=\"https:\/\/albrecht-fiedler.de\/cropped-logo4712-e1620854148921-png\/\"><img loading=\"lazy\" decoding=\"async\" class=\"size-full wp-image-7566 aligncenter\" src=\"https:\/\/albrecht-fiedler.de\/wp-content\/uploads\/2021\/05\/cropped-Logo4712-e1620854148921.png\" alt=\"\" width=\"68\" height=\"60\" \/><\/a><\/p>\n<p style=\"text-align: center;\"><span style=\"color: #ffffff;\"><strong><span style=\"font-family: arial, helvetica, sans-serif; font-size: 8pt;\">Keywords: <\/span><\/strong><span style=\"font-family: arial, helvetica, sans-serif; font-size: 8pt;\">P<\/span><span style=\"font-family: arial, helvetica, sans-serif; font-size: 8pt;\">pojektmanager \u2022 Projekt-Manager \u2022 Project manager \u2022 Ver\u00e4nderungsmanagement \u2022 Change \u2022 Verlagerung \u2022 Relocation \u2022 Prozess Management \u2022 Process management \u2022 \u00a0<\/span><span class=\"break-words\"><span dir=\"ltr\"><span style=\"font-family: arial, helvetica, sans-serif; font-size: 8pt;\"><span style=\"color: #ffffff;\">#Familienunternehmen #restrukturierung #bottomuprestructuring #organisationsentwicklung #reorganisation #profitabilit\u00e4t #idws6 #restructuring #unterneh<\/span>mensberatung #unternehmensstrategie #rentabilit\u00e4t #privateequity #strategy #privateequity #privatedept #mittelstand #corporatefinance #unternehmensfinanzierung #crosscultural #kpi #interim #advisory #profits #Insolvenz #\u00dcberschuldung #pleite #Konkurs #bankrott #Ruin #zahlungsunf\u00e4hig #Illiquidit\u00e4t #EBIT #EBITdoctor #Rezession #IHK #distressed<\/span><\/span><\/span><\/span><\/p>\n","protected":false},"excerpt":{"rendered":"<p>Projekte \u2022\u00a0 Einfach machen Beratung \u2022 Planung \u2022 Umsetzung &#8211; in Europa \u2022 Mexiko \u2022 USA 2023: Nach fast 30 Jahren gehe ich in den Ruhestand und stehe nicht mehr als Project-Manager zur Verf\u00fcgung! Gerne berate ich in \u2022 Verlagerungsprojekte, \u2022\u2022 Fabrikbauprojekte, \u2022\u2022\u2022 Betriebsschlie\u00dfungen und \u2022\u2022\u2022\u2022 Liquidationen in Mexiko und in den USA!\u00a0 Ab Mitte &#8230; <a title=\"\" class=\"read-more\" href=\"https:\/\/albrecht-fiedler.de\/projekte-1994-2020\/\" aria-label=\"Mehr Informationen \u00fcber \">Weiterlesen<\/a><\/p>\n","protected":false},"author":1,"featured_media":0,"parent":0,"menu_order":0,"comment_status":"closed","ping_status":"closed","template":"","meta":{"footnotes":""},"class_list":["post-310","page","type-page","status-publish"],"_links":{"self":[{"href":"https:\/\/albrecht-fiedler.de\/projekte-1994-2020\/wp-json\/wp\/v2\/pages\/310","targetHints":{"allow":["GET"]}}],"collection":[{"href":"https:\/\/albrecht-fiedler.de\/projekte-1994-2020\/wp-json\/wp\/v2\/pages"}],"about":[{"href":"https:\/\/albrecht-fiedler.de\/projekte-1994-2020\/wp-json\/wp\/v2\/types\/page"}],"author":[{"embeddable":true,"href":"https:\/\/albrecht-fiedler.de\/projekte-1994-2020\/wp-json\/wp\/v2\/users\/1"}],"replies":[{"embeddable":true,"href":"https:\/\/albrecht-fiedler.de\/projekte-1994-2020\/wp-json\/wp\/v2\/comments?post=310"}],"version-history":[{"count":2054,"href":"https:\/\/albrecht-fiedler.de\/projekte-1994-2020\/wp-json\/wp\/v2\/pages\/310\/revisions"}],"predecessor-version":[{"id":8707,"href":"https:\/\/albrecht-fiedler.de\/projekte-1994-2020\/wp-json\/wp\/v2\/pages\/310\/revisions\/8707"}],"wp:attachment":[{"href":"https:\/\/albrecht-fiedler.de\/projekte-1994-2020\/wp-json\/wp\/v2\/media?parent=310"}],"curies":[{"name":"wp","href":"https:\/\/api.w.org\/{rel}","templated":true}]}}